{"id":167,"date":"2024-02-19T19:40:46","date_gmt":"2024-02-19T18:40:46","guid":{"rendered":"https:\/\/mathildebitaudeau.com\/?page_id=167"},"modified":"2025-10-05T18:44:47","modified_gmt":"2025-10-05T16:44:47","slug":"conference-proctection-de-lenfance-prevention-des-violences-physique-et-sexuelles","status":"publish","type":"page","link":"https:\/\/mathildebitaudeau.com\/?page_id=167","title":{"rendered":"Conf\u00e9rence protection de l&#8217;enfance"},"content":{"rendered":"\n<div class=\"wp-block-cover alignfull is-light has-parallax wp-duotone-unset-1\" style=\"min-height:675px\"><span aria-hidden=\"true\" class=\"wp-block-cover__background has-background-dim-80 has-background-dim\" style=\"background-color:#a291c5\"><\/span><div role=\"img\" class=\"wp-block-cover__image-background wp-image-329 has-parallax\" style=\"background-position:50% 50%;background-image:url(http:\/\/mathildebitaudeau.com\/wp-content\/uploads\/2024\/03\/2843442-scaled.jpg)\"><\/div><div class=\"wp-block-cover__inner-container is-layout-flow wp-block-cover-is-layout-flow\">\n<h2 class=\"wp-block-heading has-text-align-center has-ast-global-color-5-color has-text-color has-link-color has-x-large-font-size wp-elements-7efb32a63f37cef44a47c7e785d2c872\">Mathilde Bitaudeau<\/h2>\n\n\n\n<h2 class=\"wp-block-heading has-text-align-center has-x-large-font-size\">SOUTENANTE EN PARENTALIT\u00c9<\/h2>\n<\/div><\/div>\n\n\n\n<div style=\"height:100px\" aria-hidden=\"true\" class=\"wp-block-spacer\"><\/div>\n\n\n\n<div class=\"wp-block-columns alignwide is-layout-flex wp-container-core-columns-layout-1 wp-block-columns-is-layout-flex\">\n<div class=\"wp-block-column is-layout-flow wp-block-column-is-layout-flow\">\n<figure class=\"wp-block-image alignright size-large is-resized\"><img loading=\"lazy\" decoding=\"async\" width=\"768\" height=\"1024\" src=\"https:\/\/mathildebitaudeau.com\/wp-content\/uploads\/2024\/02\/received_905607150773263-768x1024.jpeg\" alt=\"Conf\u00e9rence protection de l'enfance, informations, \u00e9changes, pr\u00e9vention\" class=\"wp-image-168\" style=\"width:400px;height:auto\" srcset=\"https:\/\/mathildebitaudeau.com\/wp-content\/uploads\/2024\/02\/received_905607150773263-768x1024.jpeg 768w, https:\/\/mathildebitaudeau.com\/wp-content\/uploads\/2024\/02\/received_905607150773263-225x300.jpeg 225w, https:\/\/mathildebitaudeau.com\/wp-content\/uploads\/2024\/02\/received_905607150773263-1152x1536.jpeg 1152w, https:\/\/mathildebitaudeau.com\/wp-content\/uploads\/2024\/02\/received_905607150773263.jpeg 1512w\" sizes=\"(max-width: 768px) 100vw, 768px\" \/><\/figure>\n\n\n\n<div style=\"height:100px\" aria-hidden=\"true\" class=\"wp-block-spacer\"><\/div>\n<\/div>\n\n\n\n<div class=\"wp-block-column is-layout-flow wp-block-column-is-layout-flow\">\n<h1 class=\"wp-block-heading has-text-color has-link-color wp-elements-2d0ba683586442bf3f09fe34685ff5c1\" style=\"color:#a291c5\">Conf\u00e9rence protection de l&#8217;enfance et Formations<\/h1>\n\n\n\n<p class=\"has-text-color has-link-color wp-elements-4c357b8a658d8a0f3fbfe674f4c0c734\" style=\"color:#a291c5\"><strong>Informations\/Echanges\/Pr\u00e9vention<\/strong><\/p>\n\n\n\n<p>J\u2019anime \u00e9galement des conf\u00e9rences sur les th\u00e9matiques de la protection de l\u2019enfance, pr\u00e9vention des violences physiques et sexuelles \u00e0 l&#8217;encontre des enfants, et des b\u00e9n\u00e9fices des ateliers d\u2019\u00e9ducation \u00e0 la vie affective et sexuelle.<\/p>\n\n\n\n<p>Les conf\u00e9rences sont l\u2019occasion de pouvoir porter un message qui m\u2019est cher, celui de la pr\u00e9vention aupr\u00e8s des enfants. Puisque cette pr\u00e9vention passe par les adultes qui les entourent (parents, instituteurs-trices, animateurs-trices, personnel de soins m\u00e9dicaux, etc) intervenir via les conf\u00e9rences est primordial pour moi.<\/p>\n\n\n\n<p>Je propose \u00e9galement des formations sur les th\u00e9matiques abord\u00e9es lors des conf\u00e9rences. Ces formations sont \u00e0 destination des professionnels qui sont en contact avec des enfants. <\/p>\n\n\n\n<div class=\"wp-block-buttons is-layout-flex wp-block-buttons-is-layout-flex\">\n<div class=\"wp-block-button\"><a class=\"wp-block-button__link has-background wp-element-button\" href=\"https:\/\/mathildebitaudeau.com\/?page_id=16\" style=\"background-color:#a291c5\">Demander un devis <\/a><\/div>\n<\/div>\n<\/div>\n<\/div>\n\n\n\n<div class=\"wp-block-group alignfull has-background-color has-white-color has-text-color has-background has-link-color wp-elements-534651d78001382e8668ffe5bb11fa44 is-vertical is-content-justification-stretch is-layout-flex wp-container-core-group-layout-3 wp-block-group-is-layout-flex\" style=\"background-color:#a291c5;min-height:40vh;margin-top:0;margin-bottom:0;padding-top:var(--wp--preset--spacing--60);padding-right:var(--wp--preset--spacing--40);padding-bottom:var(--wp--preset--spacing--60);padding-left:var(--wp--preset--spacing--40)\">\n<div class=\"wp-block-columns alignwide has-small-font-size is-layout-flex wp-container-core-columns-layout-2 wp-block-columns-is-layout-flex\">\n<div class=\"wp-block-column is-layout-flow wp-block-column-is-layout-flow\">\n<p class=\"has-text-align-center has-ast-global-color-8-color has-text-color has-link-color wp-elements-b19682e7fdcbb0df97d6bdfb202847e8\">11 Pl. de la Lib\u00e9ration, 85510 Le Boup\u00e8re<\/p>\n\n\n\n<div style=\"height:24px\" aria-hidden=\"true\" class=\"wp-block-spacer\"><\/div>\n<\/div>\n\n\n\n<div class=\"wp-block-column is-layout-flow wp-block-column-is-layout-flow\">\n<p class=\"has-text-align-center has-ast-global-color-8-color has-text-color has-link-color wp-elements-cc058a80a8a84de1cf462d188ffd0a67\">Pages<\/p>\n\n\n<nav class=\"has-text-color has-ast-global-color-8-color has-small-font-size items-justified-center is-vertical no-wrap wp-block-navigation has-small-font-size is-content-justification-center is-nowrap is-layout-flex wp-container-core-navigation-layout-1 wp-block-navigation-is-layout-flex\" aria-label=\"menu pricipal\"><ul class=\"wp-block-navigation__container has-text-color has-ast-global-color-8-color has-small-font-size items-justified-center is-vertical no-wrap wp-block-navigation has-small-font-size\"><li class=\"has-small-font-size wp-block-navigation-item  menu-item menu-item-type-post_type menu-item-object-page wp-block-navigation-link\"><a class=\"wp-block-navigation-item__content\"  href=\"https:\/\/mathildebitaudeau.com\/?page_id=23\" title=\"\"><span class=\"wp-block-navigation-item__label\">Accueil<\/span><\/a><\/li><li class=\"has-small-font-size wp-block-navigation-item  menu-item menu-item-type-post_type menu-item-object-page wp-block-navigation-link\"><a class=\"wp-block-navigation-item__content\"  href=\"https:\/\/mathildebitaudeau.com\/?page_id=14\" title=\"\"><span class=\"wp-block-navigation-item__label\">Pr\u00e9sentation<\/span><\/a><\/li><li data-wp-context=\"{ &quot;core&quot;: { &quot;navigation&quot;: { &quot;submenuOpenedBy&quot;: {}, &quot;type&quot;: &quot;submenu&quot; } } }\" data-wp-effect=\"effects.core.navigation.initMenu\" data-wp-interactive data-wp-on--focusout=\"actions.core.navigation.handleMenuFocusout\" data-wp-on--keydown=\"actions.core.navigation.handleMenuKeydown\" data-wp-on--mouseenter=\"actions.core.navigation.openMenuOnHover\" data-wp-on--mouseleave=\"actions.core.navigation.closeMenuOnHover\" tabindex=\"-1\" class=\"has-small-font-size wp-block-navigation-item has-child open-on-hover-click  menu-item menu-item-type-post_type menu-item-object-page wp-block-navigation-submenu\"><a class=\"wp-block-navigation-item__content\" href=\"https:\/\/mathildebitaudeau.com\/?page_id=12\" title=\"\">Prestations<\/a><button data-wp-bind--aria-expanded=\"selectors.core.navigation.isMenuOpen\" data-wp-on--click=\"actions.core.navigation.toggleMenuOnClick\" aria-label=\"Prestations submenu\" class=\"wp-block-navigation__submenu-icon wp-block-navigation-submenu__toggle\" aria-expanded=\"false\"><svg xmlns=\"http:\/\/www.w3.org\/2000\/svg\" width=\"12\" height=\"12\" viewBox=\"0 0 12 12\" fill=\"none\" aria-hidden=\"true\" focusable=\"false\"><path d=\"M1.50002 4L6.00002 8L10.5 4\" stroke-width=\"1.5\"><\/path><\/svg><\/button><ul data-wp-on--focus=\"actions.core.navigation.openMenuOnFocus\" class=\"wp-block-navigation__submenu-container  menu-item menu-item-type-post_type menu-item-object-page wp-block-navigation-submenu\"><li class=\"has-small-font-size wp-block-navigation-item  menu-item menu-item-type-post_type menu-item-object-post wp-block-navigation-link\"><a class=\"wp-block-navigation-item__content\"  href=\"https:\/\/mathildebitaudeau.com\/?p=34\" title=\"\"><span class=\"wp-block-navigation-item__label\">Soutien \u00e0 la parentalit\u00e9<\/span><\/a><\/li><li class=\"has-small-font-size wp-block-navigation-item  menu-item menu-item-type-post_type menu-item-object-post wp-block-navigation-link\"><a class=\"wp-block-navigation-item__content\"  href=\"https:\/\/mathildebitaudeau.com\/?p=36\" title=\"\"><span class=\"wp-block-navigation-item__label\">Ateliers du0026rsquo;\u00e9ducation \u00e0 la vie sexuelle et affective<\/span><\/a><\/li><li class=\"has-small-font-size wp-block-navigation-item  menu-item menu-item-type-post_type menu-item-object-post wp-block-navigation-link\"><a class=\"wp-block-navigation-item__content\"  href=\"https:\/\/mathildebitaudeau.com\/?p=38\" title=\"\"><span class=\"wp-block-navigation-item__label\">Groupe de parole<\/span><\/a><\/li><li class=\"has-small-font-size wp-block-navigation-item  menu-item menu-item-type-post_type menu-item-object-post wp-block-navigation-link\"><a class=\"wp-block-navigation-item__content\"  href=\"https:\/\/mathildebitaudeau.com\/?p=40\" title=\"\"><span class=\"wp-block-navigation-item__label\">Conf\u00e9rence<\/span><\/a><\/li><\/ul><\/li><li class=\"has-small-font-size wp-block-navigation-item  menu-item menu-item-type-post_type menu-item-object-page wp-block-navigation-link\"><a class=\"wp-block-navigation-item__content\"  href=\"https:\/\/mathildebitaudeau.com\/?page_id=16\" title=\"\"><span class=\"wp-block-navigation-item__label\">Contact<\/span><\/a><\/li><\/ul><\/nav>\n\n\n<div style=\"height:24px\" aria-hidden=\"true\" class=\"wp-block-spacer\"><\/div>\n<\/div>\n\n\n\n<div class=\"wp-block-column is-layout-flow wp-block-column-is-layout-flow\">\n<p class=\"has-text-align-center has-ast-global-color-8-color has-text-color has-link-color wp-elements-f4422d9e9026597bd4bdb114ccaf6c20\">Follow us<\/p>\n\n\n\n<div class=\"wp-block-group is-vertical is-content-justification-center is-layout-flex wp-container-core-group-layout-1 wp-block-group-is-layout-flex\">\n<p class=\"has-ast-global-color-7-color has-text-color has-link-color wp-elements-9a9e32360b8a5ab678266c5bcab5b87d\"><a href=\"#\">Linkedin<\/a><\/p>\n\n\n\n<p class=\"has-ast-global-color-8-color has-text-color has-link-color wp-elements-a562fbb9310cdb8a45b943a76f954393\"><a href=\"#\">Instagram<\/a><\/p>\n<\/div>\n\n\n\n<div style=\"height:24px\" aria-hidden=\"true\" class=\"wp-block-spacer\"><\/div>\n<\/div>\n<\/div>\n\n\n\n<div class=\"wp-block-group alignwide is-content-justification-center is-layout-flex wp-container-core-group-layout-2 wp-block-group-is-layout-flex\">\n<p class=\"has-text-align-center has-ast-global-color-8-color has-text-color has-link-color has-small-font-size wp-elements-e1d01c2ff30f2c9c3a81e3805a6fe13e\"> Proudly powered by Bertille Bossard &#8211; <a href=\"https:\/\/wordpress.org\" rel=\"nofollow\">WordPress<\/a> <\/p>\n<\/div>\n<\/div>\n","protected":false},"excerpt":{"rendered":"<p>Conf\u00e9rence protection de l&#8217;enfance et Formations Informations\/Echanges\/Pr\u00e9vention J\u2019anime \u00e9galement des conf\u00e9rences sur les th\u00e9matiques de la protection de l\u2019enfance, pr\u00e9vention [&hellip;]<\/p>\n","protected":false},"author":1,"featured_media":0,"parent":0,"menu_order":0,"comment_status":"closed","ping_status":"closed","template":"","meta":{"om_disable_all_campaigns":false,"_monsterinsights_skip_tracking":false,"_monsterinsights_sitenote_active":false,"_monsterinsights_sitenote_note":"","_monsterinsights_sitenote_category":0,"site-sidebar-layout":"default","site-content-layout":"","ast-site-content-layout":"default","site-content-style":"default","site-sidebar-style":"default","ast-global-header-display":"","ast-banner-title-visibility":"","ast-main-header-display":"","ast-hfb-above-header-display":"","ast-hfb-below-header-display":"","ast-hfb-mobile-header-display":"","site-post-title":"disabled","ast-breadcrumbs-content":"","ast-featured-img":"","footer-sml-layout":"","ast-disable-related-posts":"","theme-transparent-header-meta":"","adv-header-id-meta":"","stick-header-meta":"","header-above-stick-meta":"","header-main-stick-meta":"","header-below-stick-meta":"","astra-migrate-meta-layouts":"default","ast-page-background-enabled":"default","ast-page-background-meta":{"desktop":{"background-color":"var(--ast-global-color-4)","background-image":"","background-repeat":"repeat","background-position":"center center","background-size":"auto","background-attachment":"scroll","background-type":"","background-media":"","overlay-type":"","overlay-color":"","overlay-opacity":"","overlay-gradient":""},"tablet":{"background-color":"","background-image":"","background-repeat":"repeat","background-position":"center center","background-size":"auto","background-attachment":"scroll","background-type":"","background-media":"","overlay-type":"","overlay-color":"","overlay-opacity":"","overlay-gradient":""},"mobile":{"background-color":"","background-image":"","background-repeat":"repeat","background-position":"center center","background-size":"auto","background-attachment":"scroll","background-type":"","background-media":"","overlay-type":"","overlay-color":"","overlay-opacity":"","overlay-gradient":""}},"ast-content-background-meta":{"desktop":{"background-color":"var(--ast-global-color-5)","background-image":"","background-repeat":"repeat","background-position":"center center","background-size":"auto","background-attachment":"scroll","background-type":"","background-media":"","overlay-type":"","overlay-color":"","overlay-opacity":"","overlay-gradient":""},"tablet":{"background-color":"var(--ast-global-color-5)","background-image":"","background-repeat":"repeat","background-position":"center center","background-size":"auto","background-attachment":"scroll","background-type":"","background-media":"","overlay-type":"","overlay-color":"","overlay-opacity":"","overlay-gradient":""},"mobile":{"background-color":"var(--ast-global-color-5)","background-image":"","background-repeat":"repeat","background-position":"center center","background-size":"auto","background-attachment":"scroll","background-type":"","background-media":"","overlay-type":"","overlay-color":"","overlay-opacity":"","overlay-gradient":""}},"footnotes":""},"yoast_head":"<!-- This site is optimized with the Yoast SEO plugin v23.0 - https:\/\/yoast.com\/wordpress\/plugins\/seo\/ -->\n<title>conf\u00e9rence - protection de l&#039;enfance - mathilde Bitaudeau<\/title>\n<meta name=\"description\" content=\"Conf\u00e9rence sur la th\u00e9matique de la protection de l\u2019enfance, pr\u00e9vention des violences physiques et sexuelles.\" \/>\n<meta name=\"robots\" content=\"index, follow, max-snippet:-1, max-image-preview:large, max-video-preview:-1\" \/>\n<link rel=\"canonical\" href=\"https:\/\/mathildebitaudeau.com\/?page_id=167\" \/>\n<meta property=\"og:locale\" content=\"en_US\" \/>\n<meta property=\"og:type\" content=\"article\" \/>\n<meta property=\"og:title\" content=\"conf\u00e9rence - protection de l&#039;enfance - mathilde Bitaudeau\" \/>\n<meta property=\"og:description\" content=\"Conf\u00e9rence sur la th\u00e9matique de la protection de l\u2019enfance, pr\u00e9vention des violences physiques et sexuelles.\" \/>\n<meta property=\"og:url\" content=\"https:\/\/mathildebitaudeau.com\/?page_id=167\" \/>\n<meta property=\"og:site_name\" content=\"mathilde Bitaudeau\" \/>\n<meta property=\"article:publisher\" content=\"https:\/\/www.facebook.com\/Mathilde.Bitaudeau?locale=fr_FR\" \/>\n<meta property=\"article:modified_time\" content=\"2025-10-05T16:44:47+00:00\" \/>\n<meta property=\"og:image\" content=\"https:\/\/mathildebitaudeau.com\/wp-content\/uploads\/2024\/02\/received_905607150773263-768x1024.jpeg\" \/>\n<meta name=\"twitter:card\" content=\"summary_large_image\" \/>\n<meta name=\"twitter:label1\" content=\"Est. reading time\" \/>\n\t<meta name=\"twitter:data1\" content=\"1 minute\" \/>\n<script type=\"application\/ld+json\" class=\"yoast-schema-graph\">{\"@context\":\"https:\/\/schema.org\",\"@graph\":[{\"@type\":\"WebPage\",\"@id\":\"https:\/\/mathildebitaudeau.com\/?page_id=167\",\"url\":\"https:\/\/mathildebitaudeau.com\/?page_id=167\",\"name\":\"conf\u00e9rence - protection de l'enfance - mathilde Bitaudeau\",\"isPartOf\":{\"@id\":\"https:\/\/mathildebitaudeau.com\/#website\"},\"primaryImageOfPage\":{\"@id\":\"https:\/\/mathildebitaudeau.com\/?page_id=167#primaryimage\"},\"image\":{\"@id\":\"https:\/\/mathildebitaudeau.com\/?page_id=167#primaryimage\"},\"thumbnailUrl\":\"https:\/\/mathildebitaudeau.com\/wp-content\/uploads\/2024\/02\/received_905607150773263-768x1024.jpeg\",\"datePublished\":\"2024-02-19T18:40:46+00:00\",\"dateModified\":\"2025-10-05T16:44:47+00:00\",\"description\":\"Conf\u00e9rence sur la th\u00e9matique de la protection de l\u2019enfance, pr\u00e9vention des violences physiques et sexuelles.\",\"breadcrumb\":{\"@id\":\"https:\/\/mathildebitaudeau.com\/?page_id=167#breadcrumb\"},\"inLanguage\":\"en-US\",\"potentialAction\":[{\"@type\":\"ReadAction\",\"target\":[\"https:\/\/mathildebitaudeau.com\/?page_id=167\"]}]},{\"@type\":\"ImageObject\",\"inLanguage\":\"en-US\",\"@id\":\"https:\/\/mathildebitaudeau.com\/?page_id=167#primaryimage\",\"url\":\"https:\/\/mathildebitaudeau.com\/wp-content\/uploads\/2024\/02\/received_905607150773263.jpeg\",\"contentUrl\":\"https:\/\/mathildebitaudeau.com\/wp-content\/uploads\/2024\/02\/received_905607150773263.jpeg\",\"width\":1512,\"height\":2016},{\"@type\":\"BreadcrumbList\",\"@id\":\"https:\/\/mathildebitaudeau.com\/?page_id=167#breadcrumb\",\"itemListElement\":[{\"@type\":\"ListItem\",\"position\":1,\"name\":\"Accueil\",\"item\":\"https:\/\/mathildebitaudeau.com\/\"},{\"@type\":\"ListItem\",\"position\":2,\"name\":\"Conf\u00e9rence protection de l&#8217;enfance\"}]},{\"@type\":\"WebSite\",\"@id\":\"https:\/\/mathildebitaudeau.com\/#website\",\"url\":\"https:\/\/mathildebitaudeau.com\/\",\"name\":\"mathilde Bitaudeau\",\"description\":\"\",\"publisher\":{\"@id\":\"https:\/\/mathildebitaudeau.com\/#organization\"},\"potentialAction\":[{\"@type\":\"SearchAction\",\"target\":{\"@type\":\"EntryPoint\",\"urlTemplate\":\"https:\/\/mathildebitaudeau.com\/?s={search_term_string}\"},\"query-input\":\"required name=search_term_string\"}],\"inLanguage\":\"en-US\"},{\"@type\":\"Organization\",\"@id\":\"https:\/\/mathildebitaudeau.com\/#organization\",\"name\":\"mathilde Bitaudeau\",\"url\":\"https:\/\/mathildebitaudeau.com\/\",\"logo\":{\"@type\":\"ImageObject\",\"inLanguage\":\"en-US\",\"@id\":\"https:\/\/mathildebitaudeau.com\/#\/schema\/logo\/image\/\",\"url\":\"https:\/\/mathildebitaudeau.com\/wp-content\/uploads\/2024\/02\/cropped-cropped-LOGO-SOUTENANTE-EN-PARENTALITE-NOIR-PNG-1.png\",\"contentUrl\":\"https:\/\/mathildebitaudeau.com\/wp-content\/uploads\/2024\/02\/cropped-cropped-LOGO-SOUTENANTE-EN-PARENTALITE-NOIR-PNG-1.png\",\"width\":512,\"height\":512,\"caption\":\"mathilde Bitaudeau\"},\"image\":{\"@id\":\"https:\/\/mathildebitaudeau.com\/#\/schema\/logo\/image\/\"},\"sameAs\":[\"https:\/\/www.facebook.com\/Mathilde.Bitaudeau?locale=fr_FR\",\"https:\/\/www.instagram.com\/mathilde.soutenante.parentalit\/?hl=fr\"]}]}<\/script>\n<!-- \/ Yoast SEO plugin. -->","yoast_head_json":{"title":"conf\u00e9rence - protection de l'enfance - mathilde Bitaudeau","description":"Conf\u00e9rence sur la th\u00e9matique de la protection de l\u2019enfance, pr\u00e9vention des violences physiques et sexuelles.","robots":{"index":"index","follow":"follow","max-snippet":"max-snippet:-1","max-image-preview":"max-image-preview:large","max-video-preview":"max-video-preview:-1"},"canonical":"https:\/\/mathildebitaudeau.com\/?page_id=167","og_locale":"en_US","og_type":"article","og_title":"conf\u00e9rence - protection de l'enfance - mathilde Bitaudeau","og_description":"Conf\u00e9rence sur la th\u00e9matique de la protection de l\u2019enfance, pr\u00e9vention des violences physiques et sexuelles.","og_url":"https:\/\/mathildebitaudeau.com\/?page_id=167","og_site_name":"mathilde Bitaudeau","article_publisher":"https:\/\/www.facebook.com\/Mathilde.Bitaudeau?locale=fr_FR","article_modified_time":"2025-10-05T16:44:47+00:00","og_image":[{"url":"https:\/\/mathildebitaudeau.com\/wp-content\/uploads\/2024\/02\/received_905607150773263-768x1024.jpeg"}],"twitter_card":"summary_large_image","twitter_misc":{"Est. reading time":"1 minute"},"schema":{"@context":"https:\/\/schema.org","@graph":[{"@type":"WebPage","@id":"https:\/\/mathildebitaudeau.com\/?page_id=167","url":"https:\/\/mathildebitaudeau.com\/?page_id=167","name":"conf\u00e9rence - protection de l'enfance - mathilde Bitaudeau","isPartOf":{"@id":"https:\/\/mathildebitaudeau.com\/#website"},"primaryImageOfPage":{"@id":"https:\/\/mathildebitaudeau.com\/?page_id=167#primaryimage"},"image":{"@id":"https:\/\/mathildebitaudeau.com\/?page_id=167#primaryimage"},"thumbnailUrl":"https:\/\/mathildebitaudeau.com\/wp-content\/uploads\/2024\/02\/received_905607150773263-768x1024.jpeg","datePublished":"2024-02-19T18:40:46+00:00","dateModified":"2025-10-05T16:44:47+00:00","description":"Conf\u00e9rence sur la th\u00e9matique de la protection de l\u2019enfance, pr\u00e9vention des violences physiques et sexuelles.","breadcrumb":{"@id":"https:\/\/mathildebitaudeau.com\/?page_id=167#breadcrumb"},"inLanguage":"en-US","potentialAction":[{"@type":"ReadAction","target":["https:\/\/mathildebitaudeau.com\/?page_id=167"]}]},{"@type":"ImageObject","inLanguage":"en-US","@id":"https:\/\/mathildebitaudeau.com\/?page_id=167#primaryimage","url":"https:\/\/mathildebitaudeau.com\/wp-content\/uploads\/2024\/02\/received_905607150773263.jpeg","contentUrl":"https:\/\/mathildebitaudeau.com\/wp-content\/uploads\/2024\/02\/received_905607150773263.jpeg","width":1512,"height":2016},{"@type":"BreadcrumbList","@id":"https:\/\/mathildebitaudeau.com\/?page_id=167#breadcrumb","itemListElement":[{"@type":"ListItem","position":1,"name":"Accueil","item":"https:\/\/mathildebitaudeau.com\/"},{"@type":"ListItem","position":2,"name":"Conf\u00e9rence protection de l&#8217;enfance"}]},{"@type":"WebSite","@id":"https:\/\/mathildebitaudeau.com\/#website","url":"https:\/\/mathildebitaudeau.com\/","name":"mathilde Bitaudeau","description":"","publisher":{"@id":"https:\/\/mathildebitaudeau.com\/#organization"},"potentialAction":[{"@type":"SearchAction","target":{"@type":"EntryPoint","urlTemplate":"https:\/\/mathildebitaudeau.com\/?s={search_term_string}"},"query-input":"required name=search_term_string"}],"inLanguage":"en-US"},{"@type":"Organization","@id":"https:\/\/mathildebitaudeau.com\/#organization","name":"mathilde Bitaudeau","url":"https:\/\/mathildebitaudeau.com\/","logo":{"@type":"ImageObject","inLanguage":"en-US","@id":"https:\/\/mathildebitaudeau.com\/#\/schema\/logo\/image\/","url":"https:\/\/mathildebitaudeau.com\/wp-content\/uploads\/2024\/02\/cropped-cropped-LOGO-SOUTENANTE-EN-PARENTALITE-NOIR-PNG-1.png","contentUrl":"https:\/\/mathildebitaudeau.com\/wp-content\/uploads\/2024\/02\/cropped-cropped-LOGO-SOUTENANTE-EN-PARENTALITE-NOIR-PNG-1.png","width":512,"height":512,"caption":"mathilde Bitaudeau"},"image":{"@id":"https:\/\/mathildebitaudeau.com\/#\/schema\/logo\/image\/"},"sameAs":["https:\/\/www.facebook.com\/Mathilde.Bitaudeau?locale=fr_FR","https:\/\/www.instagram.com\/mathilde.soutenante.parentalit\/?hl=fr"]}]}},"_links":{"self":[{"href":"https:\/\/mathildebitaudeau.com\/index.php?rest_route=\/wp\/v2\/pages\/167"}],"collection":[{"href":"https:\/\/mathildebitaudeau.com\/index.php?rest_route=\/wp\/v2\/pages"}],"about":[{"href":"https:\/\/mathildebitaudeau.com\/index.php?rest_route=\/wp\/v2\/types\/page"}],"author":[{"embeddable":true,"href":"https:\/\/mathildebitaudeau.com\/index.php?rest_route=\/wp\/v2\/users\/1"}],"replies":[{"embeddable":true,"href":"https:\/\/mathildebitaudeau.com\/index.php?rest_route=%2Fwp%2Fv2%2Fcomments&post=167"}],"version-history":[{"count":9,"href":"https:\/\/mathildebitaudeau.com\/index.php?rest_route=\/wp\/v2\/pages\/167\/revisions"}],"predecessor-version":[{"id":454,"href":"https:\/\/mathildebitaudeau.com\/index.php?rest_route=\/wp\/v2\/pages\/167\/revisions\/454"}],"wp:attachment":[{"href":"https:\/\/mathildebitaudeau.com\/index.php?rest_route=%2Fwp%2Fv2%2Fmedia&parent=167"}],"curies":[{"name":"wp","href":"https:\/\/api.w.org\/{rel}","templated":true}]}}